{"id":1168,"date":"2023-07-30T16:32:19","date_gmt":"2023-07-30T16:32:19","guid":{"rendered":"https:\/\/www.safereporting.eu\/projet\/"},"modified":"2023-12-11T15:23:26","modified_gmt":"2023-12-11T15:23:26","slug":"projet","status":"publish","type":"page","link":"https:\/\/www.safereporting.eu\/fr\/projet\/","title":{"rendered":"Projet"},"content":{"rendered":"\t\t<div data-elementor-type=\"wp-page\" data-elementor-id=\"1168\" class=\"elementor elementor-1168 elementor-342\">\n\t\t\t\t<div class=\"elementor-element elementor-element-a4f5927 e-flex e-con-boxed e-con e-parent\" data-id=\"a4f5927\" data-element_type=\"container\" data-settings=\"{&quot;background_background&quot;:&quot;classic&quot;,&quot;content_width&quot;:&quot;boxed&quot;}\" data-core-v316-plus=\"true\">\n\t\t\t\t\t<div class=\"e-con-inner\">\n\t\t<div class=\"elementor-element elementor-element-b8ce6eb e-con-full e-flex e-con e-parent\" data-id=\"b8ce6eb\" data-element_type=\"container\" data-settings=\"{&quot;content_width&quot;:&quot;full&quot;}\" data-core-v316-plus=\"true\">\n\t\t\t\t<div class=\"elementor-element elementor-element-5608829 elementor-widget elementor-widget-heading\" data-id=\"5608829\" data-element_type=\"widget\" data-widget_type=\"heading.default\">\n\t\t\t\t<div class=\"elementor-widget-container\">\n\t\t\t<style>\/*! elementor - v3.19.0 - 07-02-2024 *\/\n.elementor-heading-title{padding:0;margin:0;line-height:1}.elementor-widget-heading .elementor-heading-title[class*=elementor-size-]>a{color:inherit;font-size:inherit;line-height:inherit}.elementor-widget-heading .elementor-heading-title.elementor-size-small{font-size:15px}.elementor-widget-heading .elementor-heading-title.elementor-size-medium{font-size:19px}.elementor-widget-heading .elementor-heading-title.elementor-size-large{font-size:29px}.elementor-widget-heading .elementor-heading-title.elementor-size-xl{font-size:39px}.elementor-widget-heading .elementor-heading-title.elementor-size-xxl{font-size:59px}<\/style><h1 class=\"elementor-heading-title elementor-size-default\">La d\u00e9nonciation des crimes et des d\u00e9lits, un pas vers l\u2019\u00e9galit\u00e9<span data-metadata=\"&lt;!--(figmeta)eyJmaWxlS2V5IjoiTHd1a3NHd1pGVHNabmRYVkxRaDdSUiIsInBhc3RlSUQiOjE0NzcyMzk1MzcsImRhdGFUeXBlIjoic2NlbmUifQo=(\/figmeta)--&gt;\"><\/span><\/h1>\t\t<\/div>\n\t\t\t\t<\/div>\n\t\t\t\t<\/div>\n\t\t\t\t\t<\/div>\n\t\t\t\t<\/div>\n\t\t<div class=\"elementor-element elementor-element-dc596bd e-flex e-con-boxed e-con e-parent\" data-id=\"dc596bd\" data-element_type=\"container\" data-settings=\"{&quot;content_width&quot;:&quot;boxed&quot;}\" data-core-v316-plus=\"true\">\n\t\t\t\t\t<div class=\"e-con-inner\">\n\t\t\t\t<div class=\"elementor-element elementor-element-44e3b39 elementor-widget elementor-widget-heading\" data-id=\"44e3b39\" data-element_type=\"widget\" data-widget_type=\"heading.default\">\n\t\t\t\t<div class=\"elementor-widget-container\">\n\t\t\t<h2 class=\"elementor-heading-title elementor-size-default\">Le projet Safe Reporting \u0153uvre express\u00e9ment en faveur de l\u2019\u00e9galit\u00e9 d\u2019acc\u00e8s \u00e0 la justice des victimes en situation d\u2019immigration irr\u00e9guli\u00e8re, en promouvant un environnement s\u00fbr o\u00f9 elles peuvent d\u00e9noncer les infractions sans craindre d\u2019\u00eatre expuls\u00e9es. Les probl\u00e8mes d\u2019acc\u00e8s \u00e0 la justice portent pr\u00e9judice non seulement aux victimes sans papiers, qui n\u2019ont pas acc\u00e8s aux services d\u2019aide, mais aussi \u00e0 l\u2019ensemble du syst\u00e8me de justice p\u00e9nale, qui, en l\u2019absence de d\u00e9nonciation des infractions, est moins efficace dans la lutte contre la criminalit\u00e9.<\/h2>\t\t<\/div>\n\t\t\t\t<\/div>\n\t\t<div class=\"elementor-element elementor-element-45dda5b safe-content-page e-flex e-con-boxed e-con e-parent\" data-id=\"45dda5b\" data-element_type=\"container\" data-settings=\"{&quot;content_width&quot;:&quot;boxed&quot;}\" data-core-v316-plus=\"true\">\n\t\t\t\t\t<div class=\"e-con-inner\">\n\t\t<div class=\"elementor-element elementor-element-5251cca e-flex e-con-boxed e-con e-parent\" data-id=\"5251cca\" data-element_type=\"container\" data-settings=\"{&quot;content_width&quot;:&quot;boxed&quot;}\" data-core-v316-plus=\"true\">\n\t\t\t\t\t<div class=\"e-con-inner\">\n\t\t\t\t<div class=\"elementor-element elementor-element-b650834 elementor-widget elementor-widget-text-editor\" data-id=\"b650834\" data-element_type=\"widget\" data-widget_type=\"text-editor.default\">\n\t\t\t\t<div class=\"elementor-widget-container\">\n\t\t\t<style>\/*! elementor - v3.19.0 - 07-02-2024 *\/\n.elementor-widget-text-editor.elementor-drop-cap-view-stacked .elementor-drop-cap{background-color:#69727d;color:#fff}.elementor-widget-text-editor.elementor-drop-cap-view-framed .elementor-drop-cap{color:#69727d;border:3px solid;background-color:transparent}.elementor-widget-text-editor:not(.elementor-drop-cap-view-default) .elementor-drop-cap{margin-top:8px}.elementor-widget-text-editor:not(.elementor-drop-cap-view-default) .elementor-drop-cap-letter{width:1em;height:1em}.elementor-widget-text-editor .elementor-drop-cap{float:left;text-align:center;line-height:1;font-size:50px}.elementor-widget-text-editor .elementor-drop-cap-letter{display:inline-block}<\/style>\t\t\t\t<p>L\u2019efficacit\u00e9 de ce projet repose sur son approche locale, participative et fond\u00e9e sur des donn\u00e9es probantes. Coordonn\u00e9 par l\u2019Universit\u00e9 de Barcelone, le projet r\u00e9unit des administrations publiques (mairies, etc.), des ONG et des institutions de recherche situ\u00e9es dans quatre grandes villes (Barcelone, Milan, Utrecht et Gand) afin d\u2019am\u00e9liorer la situation dans ces municipalit\u00e9s, mais avant tout, de promouvoir l\u2019apprentissage mutuel et l\u2019\u00e9change de bonnes pratiques, ainsi que de s\u2019associer dans le cadre d\u2019activit\u00e9s de sensibilisation et de formation et de faciliter la coop\u00e9ration entre les autorit\u00e9s comp\u00e9tentes et les parties prenantes priv\u00e9es. <\/p>\n<p>Sa valeur ajout\u00e9e europ\u00e9enne, son impact et son potentiel de diffusion aux autres \u00c9tats membres et aux institutions de l\u2019UE sont \u00e9galement appuy\u00e9s par une forte strat\u00e9gie de communication et par la participation active de PICUM et VSE, les plus grandes plates-formes d\u2019ONG consacr\u00e9es aux sans-papiers et \u00e0 l\u2019aide aux victimes. <br>Le projet s\u2019adresse \u00e0 toutes les personnes migrantes sans-papiers, mais aussi aux ONG, aux autorit\u00e9s municipales, aux agents de police ainsi qu\u2019aux avocat\u00b7es et au personnel des ONG et vise \u00e0:<\/p>\n<p>&#8211; D\u00e9velopper des strat\u00e9gies pionni\u00e8res de d\u00e9nonciation s\u00fbres<br>&#8211; \u00c9valuer et consolider les strat\u00e9gies de d\u00e9nonciation s\u00fbres existantes<br>&#8211; Offrir un renforcement des capacit\u00e9s et des formations aux professionnels<\/p>\t\t\t\t\t\t<\/div>\n\t\t\t\t<\/div>\n\t\t\t\t\t<\/div>\n\t\t\t\t<\/div>\n\t\t\t\t\t<\/div>\n\t\t\t\t<\/div>\n\t\t\t\t\t<\/div>\n\t\t\t\t<\/div>\n\t\t<div class=\"elementor-element elementor-element-86d1020 e-flex e-con-boxed e-con e-parent\" data-id=\"86d1020\" data-element_type=\"container\" data-settings=\"{&quot;content_width&quot;:&quot;boxed&quot;}\" data-core-v316-plus=\"true\">\n\t\t\t\t\t<div class=\"e-con-inner\">\n\t\t\t\t<div class=\"elementor-element elementor-element-d89b004 elementor-widget elementor-widget-heading\" data-id=\"d89b004\" data-element_type=\"widget\" data-widget_type=\"heading.default\">\n\t\t\t\t<div class=\"elementor-widget-container\">\n\t\t\t<h2 class=\"elementor-heading-title elementor-size-default\">OBJECTIFS<\/h2>\t\t<\/div>\n\t\t\t\t<\/div>\n\t\t<div class=\"elementor-element elementor-element-8eea59a objectives-content e-flex e-con-boxed e-con e-parent\" data-id=\"8eea59a\" data-element_type=\"container\" data-settings=\"{&quot;content_width&quot;:&quot;boxed&quot;}\" data-core-v316-plus=\"true\">\n\t\t\t\t\t<div class=\"e-con-inner\">\n\t\t<div class=\"elementor-element elementor-element-4e62483 e-con-full objectives-cta e-flex e-con e-parent\" data-id=\"4e62483\" data-element_type=\"container\" data-settings=\"{&quot;content_width&quot;:&quot;full&quot;}\" data-core-v316-plus=\"true\">\n\t\t\t\t<div class=\"elementor-element elementor-element-6166074 elementor-align-left elementor-widget elementor-widget-button\" data-id=\"6166074\" data-element_type=\"widget\" data-widget_type=\"button.default\">\n\t\t\t\t<div class=\"elementor-widget-container\">\n\t\t\t\t\t<div class=\"elementor-button-wrapper\">\n\t\t\t<a class=\"elementor-button elementor-button-link elementor-size-xs\" href=\"#\" id=\"awareness\">\n\t\t\t\t\t\t<span class=\"elementor-button-content-wrapper\">\n\t\t\t\t\t\t<span class=\"elementor-button-text\">Sensibilisation<\/span>\n\t\t<\/span>\n\t\t\t\t\t<\/a>\n\t\t<\/div>\n\t\t\t\t<\/div>\n\t\t\t\t<\/div>\n\t\t\t\t<div class=\"elementor-element elementor-element-3847ee2 elementor-align-left elementor-widget elementor-widget-button\" data-id=\"3847ee2\" data-element_type=\"widget\" data-widget_type=\"button.default\">\n\t\t\t\t<div class=\"elementor-widget-container\">\n\t\t\t\t\t<div class=\"elementor-button-wrapper\">\n\t\t\t<a class=\"elementor-button elementor-button-link elementor-size-xs\" href=\"#\" id=\"shared_tools\">\n\t\t\t\t\t\t<span class=\"elementor-button-content-wrapper\">\n\t\t\t\t\t\t<span class=\"elementor-button-text\">Outils partag\u00e9s<\/span>\n\t\t<\/span>\n\t\t\t\t\t<\/a>\n\t\t<\/div>\n\t\t\t\t<\/div>\n\t\t\t\t<\/div>\n\t\t\t\t<div class=\"elementor-element elementor-element-1604849 elementor-align-left elementor-widget elementor-widget-button\" data-id=\"1604849\" data-element_type=\"widget\" data-widget_type=\"button.default\">\n\t\t\t\t<div class=\"elementor-widget-container\">\n\t\t\t\t\t<div class=\"elementor-button-wrapper\">\n\t\t\t<a class=\"elementor-button elementor-button-link elementor-size-xs\" href=\"#\" id=\"safe_cities\">\n\t\t\t\t\t\t<span class=\"elementor-button-content-wrapper\">\n\t\t\t\t\t\t<span class=\"elementor-button-text\">Villes s\u00fbres<\/span>\n\t\t<\/span>\n\t\t\t\t\t<\/a>\n\t\t<\/div>\n\t\t\t\t<\/div>\n\t\t\t\t<\/div>\n\t\t\t\t<div class=\"elementor-element elementor-element-e6eb7f9 elementor-align-left elementor-widget elementor-widget-button\" data-id=\"e6eb7f9\" data-element_type=\"widget\" data-widget_type=\"button.default\">\n\t\t\t\t<div class=\"elementor-widget-container\">\n\t\t\t\t\t<div class=\"elementor-button-wrapper\">\n\t\t\t<a class=\"elementor-button elementor-button-link elementor-size-xs\" href=\"#\" id=\"cooperation\">\n\t\t\t\t\t\t<span class=\"elementor-button-content-wrapper\">\n\t\t\t\t\t\t<span class=\"elementor-button-text\">La coop\u00e9ration<\/span>\n\t\t<\/span>\n\t\t\t\t\t<\/a>\n\t\t<\/div>\n\t\t\t\t<\/div>\n\t\t\t\t<\/div>\n\t\t\t\t<\/div>\n\t\t\t\t<div class=\"elementor-element elementor-element-31557f8 elementor-widget__width-initial awareness elementor-widget elementor-widget-text-editor\" data-id=\"31557f8\" data-element_type=\"widget\" data-widget_type=\"text-editor.default\">\n\t\t\t\t<div class=\"elementor-widget-container\">\n\t\t\t\t\t\t\t<p>Am\u00e9liorer la compr\u00e9hension de ce qu&rsquo;implique le signalement s\u00fbr d&rsquo;un crime dans le cas de victimes sans papiers, des exigences \u00e0 prendre en compte du point de vue du genre et du type de coop\u00e9ration n\u00e9cessaire pour offrir des options de signalement s\u00fbr.<\/p>\n\t\t\t\t\t\t<\/div>\n\t\t\t\t<\/div>\n\t\t\t\t<div class=\"elementor-element elementor-element-8458caa elementor-widget__width-initial shared_tools elementor-widget-mobile__width-inherit elementor-widget elementor-widget-text-editor\" data-id=\"8458caa\" data-element_type=\"widget\" data-widget_type=\"text-editor.default\">\n\t\t\t\t<div class=\"elementor-widget-container\">\n\t\t\t\t\t\t\t<p>Am\u00e9liorer la connaissance des outils et mesures nationaux et de l&rsquo;UE, ainsi que des obligations internationales concernant les droits des victimes sans papiers.<\/p>\n\t\t\t\t\t\t<\/div>\n\t\t\t\t<\/div>\n\t\t\t\t<div class=\"elementor-element elementor-element-67ba8ba elementor-widget__width-initial safe_cities elementor-widget-mobile__width-inherit elementor-widget elementor-widget-text-editor\" data-id=\"67ba8ba\" data-element_type=\"widget\" data-widget_type=\"text-editor.default\">\n\t\t\t\t<div class=\"elementor-widget-container\">\n\t\t\t\t\t\t\t<p>L&rsquo;approche locale du projet a permis d&rsquo;am\u00e9liorer les conditions de signalement des d\u00e9lits au niveau local dans quatre grandes villes de l&rsquo;UE.<\/p>\n\t\t\t\t\t\t<\/div>\n\t\t\t\t<\/div>\n\t\t\t\t<div class=\"elementor-element elementor-element-c66a1e4 elementor-widget__width-initial cooperation elementor-widget-mobile__width-inherit elementor-widget elementor-widget-text-editor\" data-id=\"c66a1e4\" data-element_type=\"widget\" data-widget_type=\"text-editor.default\">\n\t\t\t\t<div class=\"elementor-widget-container\">\n\t\t\t\t\t\t\t<p>Accro\u00eetre et am\u00e9liorer la coop\u00e9ration entre les autorit\u00e9s locales et les professionnels, ainsi qu&rsquo;entre le niveau local et les autres niveaux de gouvernement comp\u00e9tents, afin de renforcer l&rsquo;efficacit\u00e9 de la notification en toute s\u00e9curit\u00e9.<\/p>\n\t\t\t\t\t\t<\/div>\n\t\t\t\t<\/div>\n\t\t\t\t\t<\/div>\n\t\t\t\t<\/div>\n\t\t\t\t\t<\/div>\n\t\t\t\t<\/div>\n\t\t<div class=\"elementor-element elementor-element-9d89104 e-flex e-con-boxed e-con e-parent\" data-id=\"9d89104\" data-element_type=\"container\" data-settings=\"{&quot;content_width&quot;:&quot;boxed&quot;}\" data-core-v316-plus=\"true\">\n\t\t\t\t\t<div class=\"e-con-inner\">\n\t\t\t\t<div class=\"elementor-element elementor-element-3cf2ca0 elementor-widget elementor-widget-heading\" data-id=\"3cf2ca0\" data-element_type=\"widget\" data-widget_type=\"heading.default\">\n\t\t\t\t<div class=\"elementor-widget-container\">\n\t\t\t<h2 class=\"elementor-heading-title elementor-size-default\">VILLES<\/h2>\t\t<\/div>\n\t\t\t\t<\/div>\n\t\t<div class=\"elementor-element elementor-element-a405740 e-flex e-con-boxed e-con e-parent\" data-id=\"a405740\" data-element_type=\"container\" data-settings=\"{&quot;content_width&quot;:&quot;boxed&quot;}\" data-core-v316-plus=\"true\">\n\t\t\t\t\t<div class=\"e-con-inner\">\n\t\t\t\t<div class=\"elementor-element elementor-element-4a26dfa elementor-align-center elementor-widget__width-initial elementor-widget elementor-widget-button\" data-id=\"4a26dfa\" data-element_type=\"widget\" data-widget_type=\"button.default\">\n\t\t\t\t<div class=\"elementor-widget-container\">\n\t\t\t\t\t<div class=\"elementor-button-wrapper\">\n\t\t\t<a class=\"elementor-button elementor-button-link elementor-size-sm\" href=\"https:\/\/www.safereporting.eu\/safe-barcelona\/\">\n\t\t\t\t\t\t<span class=\"elementor-button-content-wrapper\">\n\t\t\t\t\t\t<span class=\"elementor-button-text\">Barcelone<\/span>\n\t\t<\/span>\n\t\t\t\t\t<\/a>\n\t\t<\/div>\n\t\t\t\t<\/div>\n\t\t\t\t<\/div>\n\t\t\t\t<div class=\"elementor-element elementor-element-43dc7f5 elementor-align-center elementor-widget__width-initial elementor-widget elementor-widget-button\" data-id=\"43dc7f5\" data-element_type=\"widget\" data-widget_type=\"button.default\">\n\t\t\t\t<div class=\"elementor-widget-container\">\n\t\t\t\t\t<div class=\"elementor-button-wrapper\">\n\t\t\t<a class=\"elementor-button elementor-button-link elementor-size-sm\" href=\"https:\/\/www.safereporting.eu\/safe-milano\/\">\n\t\t\t\t\t\t<span class=\"elementor-button-content-wrapper\">\n\t\t\t\t\t\t<span class=\"elementor-button-text\">Milan<\/span>\n\t\t<\/span>\n\t\t\t\t\t<\/a>\n\t\t<\/div>\n\t\t\t\t<\/div>\n\t\t\t\t<\/div>\n\t\t\t\t<div class=\"elementor-element elementor-element-8e4d210 elementor-align-center elementor-widget__width-initial elementor-widget elementor-widget-button\" data-id=\"8e4d210\" data-element_type=\"widget\" data-widget_type=\"button.default\">\n\t\t\t\t<div class=\"elementor-widget-container\">\n\t\t\t\t\t<div class=\"elementor-button-wrapper\">\n\t\t\t<a class=\"elementor-button elementor-button-link elementor-size-sm\" href=\"https:\/\/www.safereporting.eu\/safe-utrecht\/\">\n\t\t\t\t\t\t<span class=\"elementor-button-content-wrapper\">\n\t\t\t\t\t\t<span class=\"elementor-button-text\">Utrecht<\/span>\n\t\t<\/span>\n\t\t\t\t\t<\/a>\n\t\t<\/div>\n\t\t\t\t<\/div>\n\t\t\t\t<\/div>\n\t\t\t\t<div class=\"elementor-element elementor-element-04eb159 elementor-align-center elementor-widget__width-initial elementor-widget elementor-widget-button\" data-id=\"04eb159\" data-element_type=\"widget\" data-widget_type=\"button.default\">\n\t\t\t\t<div class=\"elementor-widget-container\">\n\t\t\t\t\t<div class=\"elementor-button-wrapper\">\n\t\t\t<a class=\"elementor-button elementor-button-link elementor-size-sm\" href=\"https:\/\/www.safereporting.eu\/safe-gent\/\">\n\t\t\t\t\t\t<span class=\"elementor-button-content-wrapper\">\n\t\t\t\t\t\t<span class=\"elementor-button-text\">Gand<\/span>\n\t\t<\/span>\n\t\t\t\t\t<\/a>\n\t\t<\/div>\n\t\t\t\t<\/div>\n\t\t\t\t<\/div>\n\t\t\t\t\t<\/div>\n\t\t\t\t<\/div>\n\t\t\t\t\t<\/div>\n\t\t\t\t<\/div>\n\t\t<div class=\"elementor-element elementor-element-c1c23cf e-flex e-con-boxed e-con e-parent\" data-id=\"c1c23cf\" data-element_type=\"container\" data-settings=\"{&quot;content_width&quot;:&quot;boxed&quot;}\" data-core-v316-plus=\"true\">\n\t\t\t\t\t<div class=\"e-con-inner\">\n\t\t\t\t<div class=\"elementor-element elementor-element-71e45d8 elementor-widget elementor-widget-heading\" data-id=\"71e45d8\" data-element_type=\"widget\" data-widget_type=\"heading.default\">\n\t\t\t\t<div class=\"elementor-widget-container\">\n\t\t\t<h2 class=\"elementor-heading-title elementor-size-default\">Safe Reporting est un projet participatif qui aborde le probl\u00e8me dans une perspective locale. Coordonn\u00e9 par l\u2019Universit\u00e9 de Barcelone, le projet r\u00e9unit des administrations publiques, des ONG et des institutions de recherche. Safe Reporting a pour objectif de promouvoir l\u2019apprentissage mutuel et l\u2019\u00e9change de bonnes pratiques, de s\u2019associer dans le cadre d\u2019activit\u00e9s visant \u00e0 renforcer la sensibilisation et l\u2019\u00e9ducation sur le sujet et de faciliter la coop\u00e9ration entre les victimes et celles et ceux qui ont un r\u00f4le de responsabilit\u00e9.<\/h2>\t\t<\/div>\n\t\t\t\t<\/div>\n\t\t<div class=\"elementor-element elementor-element-9ab29ab e-flex e-con-boxed e-con e-parent\" data-id=\"9ab29ab\" data-element_type=\"container\" data-settings=\"{&quot;content_width&quot;:&quot;boxed&quot;}\" data-core-v316-plus=\"true\">\n\t\t\t\t\t<div class=\"e-con-inner\">\n\t\t\t\t<div class=\"elementor-element elementor-element-fa9ec0c elementor-widget-mobile__width-initial elementor-widget elementor-widget-image\" data-id=\"fa9ec0c\" data-element_type=\"widget\" data-widget_type=\"image.default\">\n\t\t\t\t<div class=\"elementor-widget-container\">\n\t\t\t<style>\/*! elementor - v3.19.0 - 07-02-2024 *\/\n.elementor-widget-image{text-align:center}.elementor-widget-image a{display:inline-block}.elementor-widget-image a img[src$=\".svg\"]{width:48px}.elementor-widget-image img{vertical-align:middle;display:inline-block}<\/style>\t\t\t\t\t\t\t\t\t\t<img decoding=\"async\" width=\"189\" height=\"121\" src=\"https:\/\/www.safereporting.eu\/wp-content\/uploads\/2023\/07\/Group-285.png\" class=\"attachment-large size-large wp-image-707\" alt=\"\" \/>\t\t\t\t\t\t\t\t\t\t\t\t\t<\/div>\n\t\t\t\t<\/div>\n\t\t\t\t<div class=\"elementor-element elementor-element-50b0746 elementor-widget-mobile__width-initial elementor-widget elementor-widget-image\" data-id=\"50b0746\" data-element_type=\"widget\" data-widget_type=\"image.default\">\n\t\t\t\t<div class=\"elementor-widget-container\">\n\t\t\t\t\t\t\t\t\t\t\t\t\t<img decoding=\"async\" width=\"189\" height=\"121\" src=\"https:\/\/www.safereporting.eu\/wp-content\/uploads\/2023\/07\/Group-286.png\" class=\"attachment-large size-large wp-image-712\" alt=\"\" \/>\t\t\t\t\t\t\t\t\t\t\t\t\t<\/div>\n\t\t\t\t<\/div>\n\t\t\t\t<div class=\"elementor-element elementor-element-57d1bff elementor-widget-mobile__width-initial elementor-widget elementor-widget-image\" data-id=\"57d1bff\" data-element_type=\"widget\" data-widget_type=\"image.default\">\n\t\t\t\t<div class=\"elementor-widget-container\">\n\t\t\t\t\t\t\t\t\t\t\t\t\t<img decoding=\"async\" src=\"https:\/\/www.safereporting.eu\/wp-content\/uploads\/2023\/07\/Group-287.png\" title=\"Group 287\" alt=\"Group 287\" loading=\"lazy\" \/>\t\t\t\t\t\t\t\t\t\t\t\t\t<\/div>\n\t\t\t\t<\/div>\n\t\t\t\t<div class=\"elementor-element elementor-element-266942a elementor-widget-mobile__width-initial elementor-widget elementor-widget-image\" data-id=\"266942a\" data-element_type=\"widget\" data-widget_type=\"image.default\">\n\t\t\t\t<div class=\"elementor-widget-container\">\n\t\t\t\t\t\t\t\t\t\t\t\t\t<img decoding=\"async\" src=\"https:\/\/www.safereporting.eu\/wp-content\/uploads\/elementor\/thumbs\/Utrecht-University-qabdiye8h36uzs5aabvqzsdfnrryd933h9zdlg43r4.png\" title=\"Utrecht University\" alt=\"Utrecht University\" loading=\"lazy\" \/>\t\t\t\t\t\t\t\t\t\t\t\t\t<\/div>\n\t\t\t\t<\/div>\n\t\t\t\t<div class=\"elementor-element elementor-element-e5d068e elementor-widget-mobile__width-initial elementor-widget elementor-widget-image\" data-id=\"e5d068e\" data-element_type=\"widget\" data-widget_type=\"image.default\">\n\t\t\t\t<div class=\"elementor-widget-container\">\n\t\t\t\t\t\t\t\t\t\t\t\t\t<img decoding=\"async\" src=\"https:\/\/www.safereporting.eu\/wp-content\/uploads\/elementor\/thumbs\/LOGO_GENT_CORPORATE_CYAAN_72DPI-1-qa9vx15m9v9qgwrvpkeyw7og8izgexjmi3r7oo63nk.png\" title=\"LOGO_GENT_CORPORATE_CYAAN_72DPI\" alt=\"LOGO_GENT_CORPORATE_CYAAN_72DPI\" loading=\"lazy\" \/>\t\t\t\t\t\t\t\t\t\t\t\t\t<\/div>\n\t\t\t\t<\/div>\n\t\t\t\t<div class=\"elementor-element elementor-element-2dc0305 elementor-widget-mobile__width-initial elementor-widget elementor-widget-image\" data-id=\"2dc0305\" data-element_type=\"widget\" data-widget_type=\"image.default\">\n\t\t\t\t<div class=\"elementor-widget-container\">\n\t\t\t\t\t\t\t\t\t\t\t\t\t<img decoding=\"async\" src=\"https:\/\/www.safereporting.eu\/wp-content\/uploads\/elementor\/thumbs\/PICUM_baseline-qec430kmo45gd2y6iat3611l7ge9rz1lpfp4a3tse8.png\" title=\"PICUM_baseline\" alt=\"PICUM_baseline\" loading=\"lazy\" \/>\t\t\t\t\t\t\t\t\t\t\t\t\t<\/div>\n\t\t\t\t<\/div>\n\t\t\t\t<div class=\"elementor-element elementor-element-91a539d elementor-widget-mobile__width-initial elementor-widget elementor-widget-image\" data-id=\"91a539d\" data-element_type=\"widget\" data-widget_type=\"image.default\">\n\t\t\t\t<div class=\"elementor-widget-container\">\n\t\t\t\t\t\t\t\t\t\t\t\t\t<img decoding=\"async\" width=\"189\" height=\"120\" src=\"https:\/\/www.safereporting.eu\/wp-content\/uploads\/2023\/07\/Group-290-1.png\" class=\"attachment-large size-large wp-image-737\" alt=\"\" \/>\t\t\t\t\t\t\t\t\t\t\t\t\t<\/div>\n\t\t\t\t<\/div>\n\t\t\t\t<div class=\"elementor-element elementor-element-fe1fa68 elementor-widget-mobile__width-initial elementor-widget elementor-widget-image\" data-id=\"fe1fa68\" data-element_type=\"widget\" data-widget_type=\"image.default\">\n\t\t\t\t<div class=\"elementor-widget-container\">\n\t\t\t\t\t\t\t\t\t\t\t\t\t<img loading=\"lazy\" decoding=\"async\" width=\"191\" height=\"120\" src=\"https:\/\/www.safereporting.eu\/wp-content\/uploads\/2023\/07\/Group-289.png\" class=\"attachment-large size-large wp-image-742\" alt=\"\" \/>\t\t\t\t\t\t\t\t\t\t\t\t\t<\/div>\n\t\t\t\t<\/div>\n\t\t\t\t\t<\/div>\n\t\t\t\t<\/div>\n\t\t\t\t\t<\/div>\n\t\t\t\t<\/div>\n\t\t<div class=\"elementor-element elementor-element-9c4002d e-flex e-con-boxed e-con e-parent\" data-id=\"9c4002d\" data-element_type=\"container\" data-settings=\"{&quot;content_width&quot;:&quot;boxed&quot;}\" data-core-v316-plus=\"true\">\n\t\t\t\t\t<div class=\"e-con-inner\">\n\t\t<div class=\"elementor-element elementor-element-d9ccb62 safe-content-page e-flex e-con-boxed e-con e-parent\" data-id=\"d9ccb62\" data-element_type=\"container\" data-settings=\"{&quot;content_width&quot;:&quot;boxed&quot;}\" data-core-v316-plus=\"true\">\n\t\t\t\t\t<div class=\"e-con-inner\">\n\t\t<div class=\"elementor-element elementor-element-95f89a3 e-flex e-con-boxed e-con e-parent\" data-id=\"95f89a3\" data-element_type=\"container\" data-settings=\"{&quot;content_width&quot;:&quot;boxed&quot;}\" data-core-v316-plus=\"true\">\n\t\t\t\t\t<div class=\"e-con-inner\">\n\t\t\t\t<div class=\"elementor-element elementor-element-932f9fd elementor-widget elementor-widget-text-editor\" data-id=\"932f9fd\" data-element_type=\"widget\" data-widget_type=\"text-editor.default\">\n\t\t\t\t<div class=\"elementor-widget-container\">\n\t\t\t\t\t\t\t<h2><b>Universit\u00e9 de Barcelone<\/b><\/h2>\n<p>L\u2019Universit\u00e9 de Barcelone coordonne le projet VISA RoC. Sa participation est centr\u00e9e sur l\u2019\u00e9tude et le d\u00e9veloppement de strat\u00e9gies garantissant des d\u00e9nonciations s\u00fbres dans la ville de Barcelone.<\/p>\n<p>Les personnes qui participent au projet sont:<\/p>\n<p><b>Mme Natalia Caicedo<\/b><br \/>Ma\u00eetresse de conf\u00e9rences de droit constitutionnel, Universit\u00e9 de Barcelone, et coordinatrice du projet VISA RoC<\/p>\n<p><b>M. Giorgios Milios<\/b><br \/>Enseignant contractuel en droit constitutionnel, Universit\u00e9 de Barcelone<\/p>\n<p><b>Mme Simona Sokolovska<\/b><br \/>Docteure en sociologie-anthropologie, Universit\u00e9 de Barcelone<\/p>\n<p><b>M. Oriol Nebot i Nieto<\/b><br \/>Assistant de recherche, VISA RoC<\/p>\n<p><b>Mme Juliana Fornasier<\/b><br \/>Responsable de projet, VISA RoC <\/p>\n\t\t\t\t\t\t<\/div>\n\t\t\t\t<\/div>\n\t\t\t\t<div class=\"elementor-element elementor-element-c011684 elementor-widget elementor-widget-text-editor\" data-id=\"c011684\" data-element_type=\"widget\" data-widget_type=\"text-editor.default\">\n\t\t\t\t<div class=\"elementor-widget-container\">\n\t\t\t\t\t\t\t<h2><b>Universit\u00e9 de Milan<\/b><\/h2>\n<p>L\u2019Universit\u00e9 de Milan est l\u2019un des partenaires du projet VISA RoC, en association avec la Ville de Milan et l\u2019ONG \u00ab Cooperativa Lotta contro l\u2019Emarginazione \u00bb. La contribution de l\u2019Universit\u00e9 de Milan va de l\u2019\u00e9tude des d\u00e9nonciations s\u00fbres pour les victimes de crimes ou de d\u00e9lits se trouvant en situation irr\u00e9guli\u00e8re, \u00e0 la sensibilisation aux probl\u00e8mes et \u00e0 leurs solutions possibles aupr\u00e8s des communaut\u00e9s de migrant\u00b7es, des ONG et des institutions, dans le but de promouvoir les partenariats locaux et une approche pluri-institutionnelle, afin de cr\u00e9er un environnement s\u00fbr o\u00f9 il est possible de d\u00e9noncer des infractions sans craindre une expulsion ou des poursuites judiciaires du fait d\u2019une situation d\u2019immigration irr\u00e9guli\u00e8re.<\/p>\n\n<p>Les personnes qui participent au projet sont:<\/p>\n\n<p><b>M. Marco Scoletta<\/b><br>Ma\u00eetre de conf\u00e9rences de droit p\u00e9nal, Universit\u00e9 de Milan<\/p>\n\n<p><b>Mme Sara Taverriti<\/b><br>Chercheuse postdoctorale en droit p\u00e9nal, Universit\u00e9 de Milan<\/p>\n\n<p><b>Mme Francesca Vitarelli <\/b><br>Chercheuse postdoctorale en droit p\u00e9nal, Universit\u00e9 de Milan<\/p>\n\n<p><b>M. Alex Ingrassia <\/b><br>Avocat p\u00e9naliste, Milan<\/p>\t\t\t\t\t\t<\/div>\n\t\t\t\t<\/div>\n\t\t\t\t<div class=\"elementor-element elementor-element-91d646f elementor-widget elementor-widget-text-editor\" data-id=\"91d646f\" data-element_type=\"widget\" data-widget_type=\"text-editor.default\">\n\t\t\t\t<div class=\"elementor-widget-container\">\n\t\t\t\t\t\t\t<h2><b>Ville d&rsquo;Utrecht<\/b><\/h2>\n<p>La Ville d\u2019Utrecht est membre du projet VISA RoC. Sa participation est centr\u00e9e sur la conduite de travaux de recherche concernant les politiques de d\u00e9nonciation s\u00fbre dans diff\u00e9rentes villes et sur le recensement des diff\u00e9rentes modalit\u00e9s de mise en \u0153uvre de ces politiques. <\/p>\n<p>Les personnes qui participent au projet sont:<\/p>\n<p><strong>Mme Patricia Wijntuin<\/strong> <br \/>Professeure de gouvernance publique et gestion, Universit\u00e9 d\u2019Utrecht<\/p>\n<p><strong>Mme Kelly Bezema<\/strong><br \/>Agent charg\u00e9e de la politique de migration, Ville d\u2019Utrecht<\/p>\n<p><strong>M. Jan Braat<\/strong><br \/>Responsable de la politique de migration, Ville d\u2019Utrecht<\/p>\n\t\t\t\t\t\t<\/div>\n\t\t\t\t<\/div>\n\t\t\t\t<div class=\"elementor-element elementor-element-07aedd7 elementor-widget elementor-widget-text-editor\" data-id=\"07aedd7\" data-element_type=\"widget\" data-widget_type=\"text-editor.default\">\n\t\t\t\t<div class=\"elementor-widget-container\">\n\t\t\t\t\t\t\t<h2><b>Ville de Gand<\/b><\/h2>\n<p>La Ville de Gand est l\u2019une des villes partenaires du projet VISA RoC. Sa participation a pour objectif de sensibiliser les d\u00e9cideurs politiques et les professionnels de la formation sur le sujet. La membre du projet repr\u00e9sentant la Ville de Gand est Maaike Buyst, agent charg\u00e9e de la politique de migration.<\/p>\t\t\t\t\t\t<\/div>\n\t\t\t\t<\/div>\n\t\t\t\t<div class=\"elementor-element elementor-element-a5a0f9a elementor-widget elementor-widget-text-editor\" data-id=\"a5a0f9a\" data-element_type=\"widget\" data-widget_type=\"text-editor.default\">\n\t\t\t\t<div class=\"elementor-widget-container\">\n\t\t\t\t\t\t\t<h2><b>PICUM (Plate-forme pour la coop\u00e9ration internationale sur les sans-papiers)<\/b><\/h2>\n<p>PICUM, en collaboration avec l\u2019Universit\u00e9 de Barcelone, est responsable de la diffusion des r\u00e9sultats du projet, notamment en organisant une conf\u00e9rence hybride internationale de fin de projet. La plate-forme fournit \u00e9galement une expertise tout au long de la mise en \u0153uvre du reste des activit\u00e9s du projet.<\/p>\n<p>Les personnes qui participent au projet sont:<\/p>\n<p><b>Mme Michele LeVoy<\/b><br>Directrice<\/p>\n<p><b>M. Paul Geraerts<\/b><br>Directeur financier<\/p>\n<p><b>M. Gianluca Cesaro<\/b><br>Charg\u00e9 de communication<\/p>\n<p><b>Mme Louise Bonneau<\/b><br>Charg\u00e9e de sensibilisation<\/p>\t\t\t\t\t\t<\/div>\n\t\t\t\t<\/div>\n\t\t\t\t<div class=\"elementor-element elementor-element-b33dca6 elementor-widget elementor-widget-text-editor\" data-id=\"b33dca6\" data-element_type=\"widget\" data-widget_type=\"text-editor.default\">\n\t\t\t\t<div class=\"elementor-widget-container\">\n\t\t\t\t\t\t\t<h2><b>Institut de Seguretat P\u00fablica de Catalunya<\/b><\/h2>\n\n<p>L\u2019ISPC (Institut catalan de s\u00e9curit\u00e9 publique) est un centre unique d\u2019enseignement et de recherche sur le territoire, qui a pour mission de former les professionnel\u00b7les charg\u00e9es de la s\u00e9curit\u00e9 globale en Catalogne dans les diff\u00e9rentes \u00e9coles qui le composent, entre autres l\u2019\u00c9cole de police de Catalogne. Dans le cadre du projet, cette \u00e9cole a pour mission de mettre en place une formation destin\u00e9e aux agents de police qui travaillent dans les commissariats, afin de promouvoir un environnement s\u00fbr pour les personnes immigrantes sans-papiers qui veulent d\u00e9noncer des infractions.<\/p>\t\t\t\t\t\t<\/div>\n\t\t\t\t<\/div>\n\t\t\t\t<div class=\"elementor-element elementor-element-3cd6c7b elementor-widget elementor-widget-text-editor\" data-id=\"3cd6c7b\" data-element_type=\"widget\" data-widget_type=\"text-editor.default\">\n\t\t\t\t<div class=\"elementor-widget-container\">\n\t\t\t\t\t\t\t<h2><b>Migra Studium<\/b><\/h2>\n<p>Migra Studium a \u00e9t\u00e9 fond\u00e9e en 2003 par la Compagnie de J\u00e9sus en Catalogne, dans le but de prendre en charge et d\u2019accompagner les personnes migrantes les plus vuln\u00e9rables qui arrivent dans la ville de Barcelone. Fond\u00e9e sur des valeurs de dialogue, de justice et de solidarit\u00e9, la fondation \u0153uvre \u00e0 la construction d\u2019une soci\u00e9t\u00e9 mieux int\u00e9gr\u00e9e quant \u00e0 ses aspects interculturels et religieux. . Elle \u0153uvre pour la dignit\u00e9 et les droits des personnes migrantes les plus vuln\u00e9rables et de leurs enfants au moyen de l\u2019accueil, de la formation et de la sensibilisation. Elle \u0153uvre \u00e9galement pour sensibiliser la soci\u00e9t\u00e9 \u00e0 la diversit\u00e9 culturelle et religieuse, avec la participation des personnes migrantes, gr\u00e2ce \u00e0 la collaboration de b\u00e9n\u00e9voles et \u00e0 des partenariats avec d\u2019autres acteurs sociaux qui d\u00e9fendent la m\u00eame cause.<\/p>\n\t\t\t\t\t\t<\/div>\n\t\t\t\t<\/div>\n\t\t\t\t\t<\/div>\n\t\t\t\t<\/div>\n\t\t\t\t\t<\/div>\n\t\t\t\t<\/div>\n\t\t\t\t\t<\/div>\n\t\t\t\t<\/div>\n\t\t\t\t<\/div>\n\t\t","protected":false},"excerpt":{"rendered":"<p>La d\u00e9nonciation des crimes et des d\u00e9lits, un pas vers l\u2019\u00e9galit\u00e9 Le projet Safe Reporting \u0153uvre express\u00e9ment en faveur de l\u2019\u00e9galit\u00e9 d\u2019acc\u00e8s \u00e0 la justice des victimes en situation d\u2019immigration irr\u00e9guli\u00e8re, en promouvant un environnement s\u00fbr o\u00f9 elles peuvent d\u00e9noncer les infractions sans craindre d\u2019\u00eatre expuls\u00e9es. Les probl\u00e8mes d\u2019acc\u00e8s \u00e0 la justice portent pr\u00e9judice non seulement aux victimes sans papiers, qui n\u2019ont pas acc\u00e8s aux services d\u2019aide, mais aussi \u00e0 l\u2019ensemble du syst\u00e8me de justice p\u00e9nale, qui, en l\u2019absence de d\u00e9nonciation des infractions, est moins efficace dans la lutte contre la criminalit\u00e9. L\u2019efficacit\u00e9 de ce projet repose sur son approche locale, participative et fond\u00e9e sur des donn\u00e9es probantes. Coordonn\u00e9 par l\u2019Universit\u00e9 de Barcelone, le projet r\u00e9unit des administrations publiques (mairies, etc.), des ONG et des institutions de recherche situ\u00e9es dans quatre grandes villes (Barcelone, Milan, Utrecht et Gand) afin d\u2019am\u00e9liorer la situation dans ces municipalit\u00e9s, mais avant tout, de promouvoir l\u2019apprentissage mutuel et l\u2019\u00e9change de bonnes pratiques, ainsi que de s\u2019associer dans le cadre d\u2019activit\u00e9s de sensibilisation et de formation et de faciliter la coop\u00e9ration entre les autorit\u00e9s comp\u00e9tentes et les parties prenantes priv\u00e9es. Sa valeur ajout\u00e9e europ\u00e9enne, son impact et son potentiel de diffusion aux autres \u00c9tats membres et aux institutions de l\u2019UE sont \u00e9galement appuy\u00e9s par une forte strat\u00e9gie de communication et par la participation active de PICUM et VSE, les plus grandes plates-formes d\u2019ONG consacr\u00e9es aux sans-papiers et \u00e0 l\u2019aide aux victimes. Le projet s\u2019adresse \u00e0 toutes les personnes migrantes sans-papiers, mais aussi aux ONG, aux autorit\u00e9s municipales, aux agents de police ainsi qu\u2019aux avocat\u00b7es et au personnel des ONG et vise \u00e0: &#8211; D\u00e9velopper des strat\u00e9gies pionni\u00e8res de d\u00e9nonciation s\u00fbres&#8211; \u00c9valuer et consolider les strat\u00e9gies de d\u00e9nonciation s\u00fbres existantes&#8211; Offrir un renforcement des capacit\u00e9s et des formations aux professionnels OBJECTIFS Sensibilisation Outils partag\u00e9s Villes s\u00fbres La coop\u00e9ration Am\u00e9liorer la compr\u00e9hension de ce qu&rsquo;implique le signalement s\u00fbr d&rsquo;un crime dans le cas de victimes sans papiers, des exigences \u00e0 prendre en compte du point de vue du genre et du type de coop\u00e9ration n\u00e9cessaire pour offrir des options de signalement s\u00fbr. Am\u00e9liorer la connaissance des outils et mesures nationaux et de l&rsquo;UE, ainsi que des obligations internationales concernant les droits des victimes sans papiers. L&rsquo;approche locale du projet a permis d&rsquo;am\u00e9liorer les conditions de signalement des d\u00e9lits au niveau local dans quatre grandes villes de l&rsquo;UE. Accro\u00eetre et am\u00e9liorer la coop\u00e9ration entre les autorit\u00e9s locales et les professionnels, ainsi qu&rsquo;entre le niveau local et les autres niveaux de gouvernement comp\u00e9tents, afin de renforcer l&rsquo;efficacit\u00e9 de la notification en toute s\u00e9curit\u00e9. VILLES Barcelone Milan Utrecht Gand Safe Reporting est un projet participatif qui aborde le probl\u00e8me dans une perspective locale. Coordonn\u00e9 par l\u2019Universit\u00e9 de Barcelone, le projet r\u00e9unit des administrations publiques, des ONG et des institutions de recherche. Safe Reporting a pour objectif de promouvoir l\u2019apprentissage mutuel et l\u2019\u00e9change de bonnes pratiques, de s\u2019associer dans le cadre d\u2019activit\u00e9s visant \u00e0 renforcer la sensibilisation et l\u2019\u00e9ducation sur le sujet et de faciliter la coop\u00e9ration entre les victimes et celles et ceux qui ont un r\u00f4le de responsabilit\u00e9. Universit\u00e9 de Barcelone L\u2019Universit\u00e9 de Barcelone coordonne le projet VISA RoC. Sa participation est centr\u00e9e sur l\u2019\u00e9tude et le d\u00e9veloppement de strat\u00e9gies garantissant des d\u00e9nonciations s\u00fbres dans la ville de Barcelone. Les personnes qui participent au projet sont: Mme Natalia CaicedoMa\u00eetresse de conf\u00e9rences de droit constitutionnel, Universit\u00e9 de Barcelone, et coordinatrice du projet VISA RoC M. Giorgios MiliosEnseignant contractuel en droit constitutionnel, Universit\u00e9 de Barcelone Mme Simona SokolovskaDocteure en sociologie-anthropologie, Universit\u00e9 de Barcelone M. Oriol Nebot i NietoAssistant de recherche, VISA RoC Mme Juliana FornasierResponsable de projet, VISA RoC Universit\u00e9 de Milan L\u2019Universit\u00e9 de Milan est l\u2019un des partenaires du projet VISA RoC, en association avec la Ville de Milan et l\u2019ONG \u00ab Cooperativa Lotta contro l\u2019Emarginazione \u00bb. La contribution de l\u2019Universit\u00e9 de Milan va de l\u2019\u00e9tude des d\u00e9nonciations s\u00fbres pour les victimes de crimes ou de d\u00e9lits se trouvant en situation irr\u00e9guli\u00e8re, \u00e0 la sensibilisation aux probl\u00e8mes et \u00e0 leurs solutions possibles aupr\u00e8s des communaut\u00e9s de migrant\u00b7es, des ONG et des institutions, dans le but de promouvoir les partenariats locaux et une approche pluri-institutionnelle, afin de cr\u00e9er un environnement s\u00fbr o\u00f9 il est possible de d\u00e9noncer des infractions sans craindre une expulsion ou des poursuites judiciaires du fait d\u2019une situation d\u2019immigration irr\u00e9guli\u00e8re. Les personnes qui participent au projet sont: M. Marco ScolettaMa\u00eetre de conf\u00e9rences de droit p\u00e9nal, Universit\u00e9 de Milan Mme Sara TaverritiChercheuse postdoctorale en droit p\u00e9nal, Universit\u00e9 de Milan Mme Francesca Vitarelli Chercheuse postdoctorale en droit p\u00e9nal, Universit\u00e9 de Milan M. Alex Ingrassia Avocat p\u00e9naliste, Milan Ville d&rsquo;Utrecht La Ville d\u2019Utrecht est membre du projet VISA RoC. Sa participation est centr\u00e9e sur la conduite de travaux de recherche concernant les politiques de d\u00e9nonciation s\u00fbre dans diff\u00e9rentes villes et sur le recensement des diff\u00e9rentes modalit\u00e9s de mise en \u0153uvre de ces politiques. Les personnes qui participent au projet sont: Mme Patricia Wijntuin Professeure de gouvernance publique et gestion, Universit\u00e9 d\u2019Utrecht Mme Kelly BezemaAgent charg\u00e9e de la politique de migration, Ville d\u2019Utrecht M. Jan BraatResponsable de la politique de migration, Ville d\u2019Utrecht Ville de Gand La Ville de Gand est l\u2019une des villes partenaires du projet VISA RoC. Sa participation a pour objectif de sensibiliser les d\u00e9cideurs politiques et les professionnels de la formation sur le sujet. La membre du projet repr\u00e9sentant la Ville de Gand est Maaike Buyst, agent charg\u00e9e de la politique de migration. PICUM (Plate-forme pour la coop\u00e9ration internationale sur les sans-papiers) PICUM, en collaboration avec l\u2019Universit\u00e9 de Barcelone, est responsable de la diffusion des r\u00e9sultats du projet, notamment en organisant une conf\u00e9rence hybride internationale de fin de projet. La plate-forme fournit \u00e9galement une expertise tout au long de la mise en \u0153uvre du reste des activit\u00e9s du projet. Les personnes qui participent au projet sont: Mme Michele LeVoyDirectrice M. Paul GeraertsDirecteur financier M. Gianluca CesaroCharg\u00e9 de communication Mme Louise BonneauCharg\u00e9e de sensibilisation Institut de Seguretat P\u00fablica de Catalunya L\u2019ISPC (Institut catalan de s\u00e9curit\u00e9 publique) est un centre unique d\u2019enseignement et de recherche sur le territoire, qui a pour mission de former les professionnel\u00b7les charg\u00e9es de la s\u00e9curit\u00e9 globale en Catalogne dans les diff\u00e9rentes \u00e9coles qui le composent, entre autres l\u2019\u00c9cole de police de Catalogne. Dans le cadre du projet, cette \u00e9cole a pour mission de mettre en place une formation destin\u00e9e aux agents de police qui travaillent dans les commissariats, afin de promouvoir un environnement s\u00fbr pour les personnes immigrantes sans-papiers qui veulent d\u00e9noncer des infractions. Migra Studium Migra Studium a \u00e9t\u00e9 fond\u00e9e en 2003 par la Compagnie de J\u00e9sus en Catalogne, dans le but de prendre en charge et d\u2019accompagner les personnes migrantes les plus vuln\u00e9rables qui arrivent dans la ville de Barcelone. Fond\u00e9e sur des valeurs de dialogue, de justice et de solidarit\u00e9, la fondation \u0153uvre \u00e0 la construction d\u2019une soci\u00e9t\u00e9 mieux int\u00e9gr\u00e9e quant \u00e0 ses aspects interculturels et religieux. . Elle \u0153uvre pour la dignit\u00e9 et les droits des personnes migrantes les plus vuln\u00e9rables et de leurs enfants au moyen de l\u2019accueil, de la formation et de la sensibilisation. Elle \u0153uvre \u00e9galement pour sensibiliser la soci\u00e9t\u00e9 \u00e0 la diversit\u00e9 culturelle et religieuse, avec la participation des personnes migrantes, gr\u00e2ce \u00e0 la collaboration de b\u00e9n\u00e9voles et \u00e0 des partenariats avec d\u2019autres acteurs sociaux qui d\u00e9fendent la m\u00eame cause.<\/p>\n","protected":false},"author":1,"featured_media":0,"parent":0,"menu_order":0,"comment_status":"closed","ping_status":"closed","template":"","meta":{"footnotes":""},"class_list":["post-1168","page","type-page","status-publish","hentry"],"_links":{"self":[{"href":"https:\/\/www.safereporting.eu\/fr\/wp-json\/wp\/v2\/pages\/1168","targetHints":{"allow":["GET"]}}],"collection":[{"href":"https:\/\/www.safereporting.eu\/fr\/wp-json\/wp\/v2\/pages"}],"about":[{"href":"https:\/\/www.safereporting.eu\/fr\/wp-json\/wp\/v2\/types\/page"}],"author":[{"embeddable":true,"href":"https:\/\/www.safereporting.eu\/fr\/wp-json\/wp\/v2\/users\/1"}],"replies":[{"embeddable":true,"href":"https:\/\/www.safereporting.eu\/fr\/wp-json\/wp\/v2\/comments?post=1168"}],"version-history":[{"count":13,"href":"https:\/\/www.safereporting.eu\/fr\/wp-json\/wp\/v2\/pages\/1168\/revisions"}],"predecessor-version":[{"id":1442,"href":"https:\/\/www.safereporting.eu\/fr\/wp-json\/wp\/v2\/pages\/1168\/revisions\/1442"}],"wp:attachment":[{"href":"https:\/\/www.safereporting.eu\/fr\/wp-json\/wp\/v2\/media?parent=1168"}],"curies":[{"name":"wp","href":"https:\/\/api.w.org\/{rel}","templated":true}]}}